{"id":24,"date":"2018-03-19T16:30:31","date_gmt":"2018-03-19T16:30:31","guid":{"rendered":"https:\/\/demo.cocobasic.com\/kapena-wp\/?page_id=24"},"modified":"2026-08-04T15:23:24","modified_gmt":"2026-08-04T13:23:24","slug":"home","status":"publish","type":"page","link":"http:\/\/fundaciolluiscoromina.org\/","title":{"rendered":"Home"},"content":{"rendered":"\n<p class=\"hero-claim\">\n  ART<br>NATURA<br>PERSONES\n<\/p>\n\n<div class=\"scroll-indicator\">\n  \u2193\n<\/div>\n\n\n<\/div><div class=\"full-page-width center-relative\"><div class=\"portfolio-wrapper\"><ul class=\"grid portfolio-grid\"><li class=\"gutter-sizer\"><\/li><li class=\"grid-sizer\"><\/li><li class=\"grid-item element-item pattern-1 p_two_third\"><a class=\"item-link\" href=\"http:\/\/fundaciolluiscoromina.org\/index.php\/2026\/08\/31\/lespai-isern-dalmau-de-barcelona-inaugura-lexposicio-el-cos-dels-cossos-de-lartista-colombia-leonel-castaneda-galeano\/\" target=\"_self\"><img loading=\"lazy\" decoding=\"async\" width=\"2560\" height=\"1710\" src=\"http:\/\/fundaciolluiscoromina.org\/wp-content\/uploads\/2026\/08\/LCastaneda-scaled.jpg\" class=\"attachment-post-thumbnail size-post-thumbnail wp-post-image\" alt=\"\" srcset=\"http:\/\/fundaciolluiscoromina.org\/wp-content\/uploads\/2026\/08\/LCastaneda-scaled.jpg 2560w, http:\/\/fundaciolluiscoromina.org\/wp-content\/uploads\/2026\/08\/LCastaneda-300x200.jpg 300w, http:\/\/fundaciolluiscoromina.org\/wp-content\/uploads\/2026\/08\/LCastaneda-1024x684.jpg 1024w, http:\/\/fundaciolluiscoromina.org\/wp-content\/uploads\/2026\/08\/LCastaneda-768x513.jpg 768w, http:\/\/fundaciolluiscoromina.org\/wp-content\/uploads\/2026\/08\/LCastaneda-1536x1026.jpg 1536w, http:\/\/fundaciolluiscoromina.org\/wp-content\/uploads\/2026\/08\/LCastaneda-2048x1368.jpg 2048w\" sizes=\"auto, (max-width: 2560px) 100vw, 2560px\" \/><div class=\"portfolio-text-holder\"><p class=\"portfolio-title\">Espai Isern Dalmau<\/p><p class=\"portfolio-desc\">Inauguraci\u00f3 'El Cos dels Cossos' de Leonel Casta\u00f1eda Galeano <br><span class=\"meta\">3 de setembre a les 19h<\/span><span class=\"meta\">Barcelona<\/span><\/p><\/div><\/a><\/li><li class=\"grid-item element-item pattern-2 p_two_third\"><a class=\"item-link\" href=\"http:\/\/fundaciolluiscoromina.org\/index.php\/2026\/08\/18\/lespai-eat-art-acull-lexposicio-brossa-portatil-la-maleta-museu-dedicada-a-lunivers-visual-de-joan-brossa\/\" target=\"_self\"><img loading=\"lazy\" decoding=\"async\" width=\"1600\" height=\"998\" src=\"http:\/\/fundaciolluiscoromina.org\/wp-content\/uploads\/2019\/02\/Captura-de-pantalla-2026-08-08-a-las-18.59.50.png\" class=\"attachment-post-thumbnail size-post-thumbnail wp-post-image\" alt=\"\" srcset=\"http:\/\/fundaciolluiscoromina.org\/wp-content\/uploads\/2019\/02\/Captura-de-pantalla-2026-08-08-a-las-18.59.50.png 1600w, http:\/\/fundaciolluiscoromina.org\/wp-content\/uploads\/2019\/02\/Captura-de-pantalla-2026-08-08-a-las-18.59.50-300x187.png 300w, http:\/\/fundaciolluiscoromina.org\/wp-content\/uploads\/2019\/02\/Captura-de-pantalla-2026-08-08-a-las-18.59.50-1024x639.png 1024w, http:\/\/fundaciolluiscoromina.org\/wp-content\/uploads\/2019\/02\/Captura-de-pantalla-2026-08-08-a-las-18.59.50-768x479.png 768w, http:\/\/fundaciolluiscoromina.org\/wp-content\/uploads\/2019\/02\/Captura-de-pantalla-2026-08-08-a-las-18.59.50-1536x958.png 1536w\" sizes=\"auto, (max-width: 1600px) 100vw, 1600px\" \/><div class=\"portfolio-text-holder\"><p class=\"portfolio-title\">Eat<br>Art<br><\/p><p class=\"portfolio-desc\">Brossa port\u00e0til. <br>La maleta museu<br><span class=\"meta\">del 21 d'agost<br> al 10 d'octubre<br><\/span><span class=\"meta\">Banyoles<\/span><\/p><\/div><\/a><\/li><li class=\"grid-item element-item pattern-3 p_two_third\"><a class=\"item-link\" href=\"http:\/\/fundaciolluiscoromina.org\/index.php\/2026\/09\/03\/la-fundacio-lluis-coromina-isern-i-lajuntament-de-banyoles-presenten-el-llibre-lombra-de-joan-crous-al-claustre-del-monestir-de-sant-esteve\/\" target=\"_self\"><img loading=\"lazy\" decoding=\"async\" width=\"1900\" height=\"1267\" src=\"http:\/\/fundaciolluiscoromina.org\/wp-content\/uploads\/2018\/04\/LOmbra-Joan-Crous-272BWlow.jpg\" class=\"attachment-post-thumbnail size-post-thumbnail wp-post-image\" alt=\"\" srcset=\"http:\/\/fundaciolluiscoromina.org\/wp-content\/uploads\/2018\/04\/LOmbra-Joan-Crous-272BWlow.jpg 1900w, http:\/\/fundaciolluiscoromina.org\/wp-content\/uploads\/2018\/04\/LOmbra-Joan-Crous-272BWlow-300x200.jpg 300w, http:\/\/fundaciolluiscoromina.org\/wp-content\/uploads\/2018\/04\/LOmbra-Joan-Crous-272BWlow-1024x683.jpg 1024w, http:\/\/fundaciolluiscoromina.org\/wp-content\/uploads\/2018\/04\/LOmbra-Joan-Crous-272BWlow-768x512.jpg 768w, http:\/\/fundaciolluiscoromina.org\/wp-content\/uploads\/2018\/04\/LOmbra-Joan-Crous-272BWlow-1536x1024.jpg 1536w\" sizes=\"auto, (max-width: 1900px) 100vw, 1900px\" \/><div class=\"portfolio-text-holder\"><p class=\"portfolio-title\">L'Ombra<br>de Joan Crous<\/p><p class=\"portfolio-desc\">Presentaci\u00f3 del llibre<br><span class=\"meta\">8 de setembre<br>a les 19h<\/span><span class=\"meta\">Claustre del Monestir<br>Banyoles<\/span><\/p><\/div><\/a><\/li><\/ul><div class=\"clear\"><\/div><\/div><br \/><\/div><div class=\"content-1170 center-relative\">\n\n<style><\/style><div class=\"wplp_outside wplp_widget_8597\" style=\"max-width:100%;\"><span class=\"wpcu_block_title\">ACTIVITATS<\/span><div id=\"wplp_widget_8597\" class=\"wplp_widget_default wplp_container vertical swiper wplp-swiper default cols3\" data-theme=\"default\" data-post=\"8597\" style=\"\" data-max-elts=\"5\" data-per-page=\"10\"><div class=\"wplp_listposts swiper-wrapper\" id=\"default_8597\" style=\"width: 100%;\" ><div class=\"swiper-slide\" style=\"\"><div class=\"insideframe\"><div id=\"wplp_box_top_8597_9672\" class=\"wpcu-front-box top equalHeightImg\" ><div class=\"wplp-box-item\"><a href=\"http:\/\/fundaciolluiscoromina.org\/index.php\/2026\/09\/03\/la-fundacio-lluis-coromina-isern-i-lajuntament-de-banyoles-presenten-el-llibre-lombra-de-joan-crous-al-claustre-del-monestir-de-sant-esteve\/\"  class=\"thumbnail\"><span class=\"img_cropper\" style=\"max-width:100%;\"><img decoding=\"async\" src=\"http:\/\/fundaciolluiscoromina.org\/wp-content\/uploads\/2026\/09\/02-INVITACIO-1024x681.jpg\" style=\"aspect-ratio:3\/2;\" srcset=\"\" alt=\"La Fundaci\u00f3 Llu\u00eds Coromina Isern i l&#8217;Ajuntament de Banyoles presenten el llibre &#8216;L\u2019Ombra&#8217;, de Joan Crous al claustre del Monestir de Sant Esteve\" class=\"swiper-lazy wplp_thumb\" \/><div class=\"swiper-lazy-preloader\"><\/div><\/span><\/a><a href=\"http:\/\/fundaciolluiscoromina.org\/index.php\/2026\/09\/03\/la-fundacio-lluis-coromina-isern-i-lajuntament-de-banyoles-presenten-el-llibre-lombra-de-joan-crous-al-claustre-del-monestir-de-sant-esteve\/\"  class=\"title\">La Fundaci\u00f3 Llu\u00eds Coromina Isern i l&#8217;Ajuntament de Banyoles presenten el llibre &#8216;L\u2019Ombra&#8217;, de Joan Crous al claustre del Monestir de Sant Esteve<\/a><\/div><\/div><div id=\"wplp_box_left_8597_9672\" class=\"wpcu-front-box left wpcu-custom-position\" ><div class=\"wplp-box-item\"><\/div><\/div><div id=\"wplp_box_right_8597_9672\" class=\"wpcu-front-box right wpcu-custom-position\" ><div class=\"wplp-box-item\"><\/div><\/div><div id=\"wplp_box_bottom_8597_9672\" class=\"wpcu-front-box bottom \" ><div class=\"wplp-box-item\"><span class=\"custom_fields\">\n<!-- WPLP Unknown field: Custom_Fields -->\n<\/span><a href=\"http:\/\/fundaciolluiscoromina.org\/index.php\/2026\/09\/03\/la-fundacio-lluis-coromina-isern-i-lajuntament-de-banyoles-presenten-el-llibre-lombra-de-joan-crous-al-claustre-del-monestir-de-sant-esteve\/\"  class=\"read-more\">Read more...<\/a><\/div><\/div><\/div><\/div><div class=\"swiper-slide\" style=\"\"><div class=\"insideframe\"><div id=\"wplp_box_top_8597_9632\" class=\"wpcu-front-box top equalHeightImg\" ><div class=\"wplp-box-item\"><a href=\"http:\/\/fundaciolluiscoromina.org\/index.php\/2026\/08\/31\/lespai-isern-dalmau-de-barcelona-inaugura-lexposicio-el-cos-dels-cossos-de-lartista-colombia-leonel-castaneda-galeano\/\"  class=\"thumbnail\"><span class=\"img_cropper\" style=\"max-width:100%;\"><img decoding=\"async\" src=\"http:\/\/fundaciolluiscoromina.org\/wp-content\/uploads\/2026\/08\/LCastaneda-1024x684.jpg\" style=\"aspect-ratio:3\/2;\" srcset=\"\" alt=\"L&#8217;Espai Isern Dalmau de Barcelona inaugura l&#8217;exposici\u00f3 &#8216;El cos dels cossos&#8217; de l&#8217;artista colombi\u00e0 Leonel Casta\u00f1eda Galeano\" class=\"swiper-lazy wplp_thumb\" \/><div class=\"swiper-lazy-preloader\"><\/div><\/span><\/a><a href=\"http:\/\/fundaciolluiscoromina.org\/index.php\/2026\/08\/31\/lespai-isern-dalmau-de-barcelona-inaugura-lexposicio-el-cos-dels-cossos-de-lartista-colombia-leonel-castaneda-galeano\/\"  class=\"title\">L&#8217;Espai Isern Dalmau de Barcelona inaugura l&#8217;exposici\u00f3 &#8216;El cos dels cossos&#8217; de l&#8217;artista colombi\u00e0 Leonel Casta\u00f1eda Galeano<\/a><\/div><\/div><div id=\"wplp_box_left_8597_9632\" class=\"wpcu-front-box left wpcu-custom-position\" ><div class=\"wplp-box-item\"><\/div><\/div><div id=\"wplp_box_right_8597_9632\" class=\"wpcu-front-box right wpcu-custom-position\" ><div class=\"wplp-box-item\"><\/div><\/div><div id=\"wplp_box_bottom_8597_9632\" class=\"wpcu-front-box bottom \" ><div class=\"wplp-box-item\"><span class=\"custom_fields\">\n<!-- WPLP Unknown field: Custom_Fields -->\n<\/span><a href=\"http:\/\/fundaciolluiscoromina.org\/index.php\/2026\/08\/31\/lespai-isern-dalmau-de-barcelona-inaugura-lexposicio-el-cos-dels-cossos-de-lartista-colombia-leonel-castaneda-galeano\/\"  class=\"read-more\">Read more...<\/a><\/div><\/div><\/div><\/div><div class=\"swiper-slide\" style=\"\"><div class=\"insideframe\"><div id=\"wplp_box_top_8597_9571\" class=\"wpcu-front-box top equalHeightImg\" ><div class=\"wplp-box-item\"><a href=\"http:\/\/fundaciolluiscoromina.org\/index.php\/2026\/08\/20\/zhiqiao-zhang-premi-fundacio-lluis-coromina-isern-del-concurs-internacional-de-musica-maria-canals-2026\/\"  class=\"thumbnail\"><span class=\"img_cropper\" style=\"max-width:100%;\"><img decoding=\"async\" src=\"http:\/\/fundaciolluiscoromina.org\/wp-content\/uploads\/2026\/08\/Concurs_Maria_Canals_69f0b778a6d6d-682x1024.jpg\" style=\"aspect-ratio:3\/2;\" srcset=\"\" alt=\"Zhiqiao Zhang, Premi Fundaci\u00f3 Llu\u00eds Coromina Isern del Concurs Internacional de M\u00fasica Maria Canals 2026\" class=\"swiper-lazy wplp_thumb\" \/><div class=\"swiper-lazy-preloader\"><\/div><\/span><\/a><a href=\"http:\/\/fundaciolluiscoromina.org\/index.php\/2026\/08\/20\/zhiqiao-zhang-premi-fundacio-lluis-coromina-isern-del-concurs-internacional-de-musica-maria-canals-2026\/\"  class=\"title\">Zhiqiao Zhang, Premi Fundaci\u00f3 Llu\u00eds Coromina Isern del Concurs Internacional de M\u00fasica Maria Canals 2026<\/a><\/div><\/div><div id=\"wplp_box_left_8597_9571\" class=\"wpcu-front-box left wpcu-custom-position\" ><div class=\"wplp-box-item\"><\/div><\/div><div id=\"wplp_box_right_8597_9571\" class=\"wpcu-front-box right wpcu-custom-position\" ><div class=\"wplp-box-item\"><\/div><\/div><div id=\"wplp_box_bottom_8597_9571\" class=\"wpcu-front-box bottom \" ><div class=\"wplp-box-item\"><span class=\"custom_fields\">\n<!-- WPLP Unknown field: Custom_Fields -->\n<\/span><a href=\"http:\/\/fundaciolluiscoromina.org\/index.php\/2026\/08\/20\/zhiqiao-zhang-premi-fundacio-lluis-coromina-isern-del-concurs-internacional-de-musica-maria-canals-2026\/\"  class=\"read-more\">Read more...<\/a><\/div><\/div><\/div><\/div><div class=\"swiper-slide\" style=\"\"><div class=\"insideframe\"><div id=\"wplp_box_top_8597_9569\" class=\"wpcu-front-box top equalHeightImg\" ><div class=\"wplp-box-item\"><a href=\"http:\/\/fundaciolluiscoromina.org\/index.php\/2026\/07\/31\/la-fundacio-lluis-coromina-isern-tancada-durant-el-mes-dagost\/\"  class=\"thumbnail\"><span class=\"img_cropper\" style=\"max-width:100%;\"><img decoding=\"async\" src=\"http:\/\/fundaciolluiscoromina.org\/wp-content\/uploads\/2026\/07\/Dibuix-Directe-2026-009-1024x683.jpg\" style=\"aspect-ratio:3\/2;\" srcset=\"\" alt=\"La Fundaci\u00f3 Llu\u00eds Coromina Isern, tancada durant el mes d&#8217;agost\" class=\"swiper-lazy wplp_thumb\" \/><div class=\"swiper-lazy-preloader\"><\/div><\/span><\/a><a href=\"http:\/\/fundaciolluiscoromina.org\/index.php\/2026\/07\/31\/la-fundacio-lluis-coromina-isern-tancada-durant-el-mes-dagost\/\"  class=\"title\">La Fundaci\u00f3 Llu\u00eds Coromina Isern, tancada durant el mes d&#8217;agost<\/a><\/div><\/div><div id=\"wplp_box_left_8597_9569\" class=\"wpcu-front-box left wpcu-custom-position\" ><div class=\"wplp-box-item\"><\/div><\/div><div id=\"wplp_box_right_8597_9569\" class=\"wpcu-front-box right wpcu-custom-position\" ><div class=\"wplp-box-item\"><\/div><\/div><div id=\"wplp_box_bottom_8597_9569\" class=\"wpcu-front-box bottom \" ><div class=\"wplp-box-item\"><span class=\"custom_fields\">\n<!-- WPLP Unknown field: Custom_Fields -->\n<\/span><a href=\"http:\/\/fundaciolluiscoromina.org\/index.php\/2026\/07\/31\/la-fundacio-lluis-coromina-isern-tancada-durant-el-mes-dagost\/\"  class=\"read-more\">Read more...<\/a><\/div><\/div><\/div><\/div><div class=\"swiper-slide\" style=\"\"><div class=\"insideframe\"><div id=\"wplp_box_top_8597_9209\" class=\"wpcu-front-box top equalHeightImg\" ><div class=\"wplp-box-item\"><a href=\"http:\/\/fundaciolluiscoromina.org\/index.php\/2026\/06\/04\/lespai-eat-art-de-banyoles-acull-dues-propostes-de-la-22a-edicio-de-laphonica\/\"  class=\"thumbnail\"><span class=\"img_cropper\" style=\"max-width:100%;\"><img decoding=\"async\" src=\"http:\/\/fundaciolluiscoromina.org\/wp-content\/uploads\/2026\/06\/CarmenAciar-Ok-1024x629.jpg\" style=\"aspect-ratio:3\/2;\" srcset=\"\" alt=\"L\u2019Espai Eat Art de Banyoles acull dues propostes de la 22a edici\u00f3 de l'(a)ph\u00f2nica\" class=\"swiper-lazy wplp_thumb\" \/><div class=\"swiper-lazy-preloader\"><\/div><\/span><\/a><a href=\"http:\/\/fundaciolluiscoromina.org\/index.php\/2026\/06\/04\/lespai-eat-art-de-banyoles-acull-dues-propostes-de-la-22a-edicio-de-laphonica\/\"  class=\"title\">L\u2019Espai Eat Art de Banyoles acull dues propostes de la 22a edici\u00f3 de l'(a)ph\u00f2nica<\/a><\/div><\/div><div id=\"wplp_box_left_8597_9209\" class=\"wpcu-front-box left wpcu-custom-position\" ><div class=\"wplp-box-item\"><\/div><\/div><div id=\"wplp_box_right_8597_9209\" class=\"wpcu-front-box right wpcu-custom-position\" ><div class=\"wplp-box-item\"><\/div><\/div><div id=\"wplp_box_bottom_8597_9209\" class=\"wpcu-front-box bottom \" ><div class=\"wplp-box-item\"><span class=\"custom_fields\">\n<!-- WPLP Unknown field: Custom_Fields -->\n<\/span><a href=\"http:\/\/fundaciolluiscoromina.org\/index.php\/2026\/06\/04\/lespai-eat-art-de-banyoles-acull-dues-propostes-de-la-22a-edicio-de-laphonica\/\"  class=\"read-more\">Read more...<\/a><\/div><\/div><\/div><\/div><\/div><div class=\"swiper-button-next\"><\/div><div class=\"swiper-button-prev\"><\/div><div class=\"swiper-pagination\"><\/div><\/div><\/div>\n\n\n<\/div><div class=\"full-page-width center-relative\"><div class=\"portfolio-wrapper\"><ul class=\"grid portfolio-grid\"><li class=\"gutter-sizer\"><\/li><li class=\"grid-sizer\"><\/li><li class=\"grid-item element-item pattern-4 p_two_third\"><a class=\"item-link\" href=\"http:\/\/fundaciolluiscoromina.org\/index.php\/about\/\" target=\"_self\"><img loading=\"lazy\" decoding=\"async\" width=\"1500\" height=\"1000\" src=\"http:\/\/fundaciolluiscoromina.org\/wp-content\/uploads\/2018\/03\/museu.gif\" class=\"attachment-post-thumbnail size-post-thumbnail wp-post-image\" alt=\"\" \/><div class=\"portfolio-text-holder\"><p class=\"portfolio-title\">FUNDACI\u00d3<\/p><p class=\"portfolio-desc\">LLU\u00cdS COROMINA ISERN<\/p><\/div><\/a><\/li><li class=\"grid-item element-item pattern-5 p_two_third\"><a class=\"item-link\" href=\"http:\/\/fundaciolluiscoromina.org\/index.php\/service\/\" target=\"_self\"><img loading=\"lazy\" decoding=\"async\" width=\"1170\" height=\"620\" src=\"http:\/\/fundaciolluiscoromina.org\/wp-content\/uploads\/2026\/02\/Fundacio-Estany_Puntal_01.jpeg\" class=\"attachment-post-thumbnail size-post-thumbnail wp-post-image\" alt=\"\" srcset=\"http:\/\/fundaciolluiscoromina.org\/wp-content\/uploads\/2026\/02\/Fundacio-Estany_Puntal_01.jpeg 1170w, http:\/\/fundaciolluiscoromina.org\/wp-content\/uploads\/2026\/02\/Fundacio-Estany_Puntal_01-300x159.jpeg 300w, http:\/\/fundaciolluiscoromina.org\/wp-content\/uploads\/2026\/02\/Fundacio-Estany_Puntal_01-1024x543.jpeg 1024w, http:\/\/fundaciolluiscoromina.org\/wp-content\/uploads\/2026\/02\/Fundacio-Estany_Puntal_01-768x407.jpeg 768w\" sizes=\"auto, (max-width: 1170px) 100vw, 1170px\" \/><div class=\"portfolio-text-holder\"><p class=\"portfolio-title\">Projectes<\/p><p class=\"portfolio-desc\"><\/p><\/div><\/a><\/li><li class=\"grid-item element-item pattern-6 p_two_third\"><a class=\"item-link\" href=\"http:\/\/test.fundaciolluiscoromina.org\/index.php\/coworking-barna\/\" target=\"_self\"><img loading=\"lazy\" decoding=\"async\" width=\"1200\" height=\"628\" src=\"http:\/\/fundaciolluiscoromina.org\/wp-content\/uploads\/2025\/01\/6e5515d2-af32-465b-997e-0a93d6e9444d_facebook-aspect-ratio_default_0.jpg\" class=\"attachment-post-thumbnail size-post-thumbnail wp-post-image\" alt=\"\" srcset=\"http:\/\/fundaciolluiscoromina.org\/wp-content\/uploads\/2025\/01\/6e5515d2-af32-465b-997e-0a93d6e9444d_facebook-aspect-ratio_default_0.jpg 1200w, http:\/\/fundaciolluiscoromina.org\/wp-content\/uploads\/2025\/01\/6e5515d2-af32-465b-997e-0a93d6e9444d_facebook-aspect-ratio_default_0-300x157.jpg 300w, http:\/\/fundaciolluiscoromina.org\/wp-content\/uploads\/2025\/01\/6e5515d2-af32-465b-997e-0a93d6e9444d_facebook-aspect-ratio_default_0-1024x536.jpg 1024w, http:\/\/fundaciolluiscoromina.org\/wp-content\/uploads\/2025\/01\/6e5515d2-af32-465b-997e-0a93d6e9444d_facebook-aspect-ratio_default_0-768x402.jpg 768w\" sizes=\"auto, (max-width: 1200px) 100vw, 1200px\" \/><div class=\"portfolio-text-holder\"><p class=\"portfolio-title\">Publicacions<\/p><p class=\"portfolio-desc\"><\/p><\/div><\/a><\/li><\/ul><div class=\"clear\"><\/div><\/div><br \/><\/div><div class=\"content-1170 center-relative\">\n\n\n<div style=\"height:100px\" aria-hidden=\"true\" class=\"wp-block-spacer\"><\/div>\n","protected":false},"excerpt":{"rendered":"<p>ARTNATURAPERSONES \u2193<\/p>\n","protected":false},"author":1,"featured_media":0,"parent":0,"menu_order":0,"comment_status":"closed","ping_status":"closed","template":"","meta":{"footnotes":""},"class_list":["post-24","page","type-page","status-publish","hentry"],"_links":{"self":[{"href":"http:\/\/fundaciolluiscoromina.org\/index.php\/wp-json\/wp\/v2\/pages\/24","targetHints":{"allow":["GET"]}}],"collection":[{"href":"http:\/\/fundaciolluiscoromina.org\/index.php\/wp-json\/wp\/v2\/pages"}],"about":[{"href":"http:\/\/fundaciolluiscoromina.org\/index.php\/wp-json\/wp\/v2\/types\/page"}],"author":[{"embeddable":true,"href":"http:\/\/fundaciolluiscoromina.org\/index.php\/wp-json\/wp\/v2\/users\/1"}],"replies":[{"embeddable":true,"href":"http:\/\/fundaciolluiscoromina.org\/index.php\/wp-json\/wp\/v2\/comments?post=24"}],"version-history":[{"count":64,"href":"http:\/\/fundaciolluiscoromina.org\/index.php\/wp-json\/wp\/v2\/pages\/24\/revisions"}],"predecessor-version":[{"id":9558,"href":"http:\/\/fundaciolluiscoromina.org\/index.php\/wp-json\/wp\/v2\/pages\/24\/revisions\/9558"}],"wp:attachment":[{"href":"http:\/\/fundaciolluiscoromina.org\/index.php\/wp-json\/wp\/v2\/media?parent=24"}],"curies":[{"name":"wp","href":"https:\/\/api.w.org\/{rel}","templated":true}]}}