{"id":32,"date":"2018-03-19T16:31:45","date_gmt":"2018-03-19T16:31:45","guid":{"rendered":"https:\/\/demo.cocobasic.com\/kapena-wp\/?page_id=32"},"modified":"2026-07-24T18:53:31","modified_gmt":"2026-07-24T16:53:31","slug":"about","status":"publish","type":"page","link":"http:\/\/fundaciolluiscoromina.org\/index.php\/about\/","title":{"rendered":"Qui Som"},"content":{"rendered":"<div class = \"one_half \">La Fundaci\u00f3 Llu\u00eds Coromina, constitu\u00efda per l\u2019empresari Llu\u00eds Coromina Isern l\u2019any 2007, desenvolupa activitats en l\u2019\u00e0mbit de les arts, de l\u2019atenci\u00f3 a les persones, de la preservaci\u00f3 de la natura i els animals i de l\u2019entorn paisatg\u00edstic.<\/p>\n<\/div>\n<div class = \"one_half last \">La Fundaci\u00f3 t\u00e9 cinc seus: l\u2019Espai Eat Art, l\u2019espai El Puntal \u2013 laboratori de les arts i l\u2019espai Garage a Banyoles; l\u2019espai La Perpinyana a Porqueres i l\u2019espai Isern Dalmau, a Barcelona.<\/p>\n<\/div><div class = \"clear\"><\/div>\n<\/div><div class=\"full-page-width center-relative\">\n<script> var slider2_speed = \"2000\";\r\n                var slider2_auto = \"false\";                                \r\n                var slider2_items = \"1\";                \r\n                var slider2_gap = \"0\";                \r\n    <\/script>\r\n    <div id = \"slider2\" class=\"image-slider-wrapper relative swiper-container\">\r\n    <div class = \"swiper-wrapper image-slider slider\">\r\n            \n<div class=\"swiper-slide\"><img src = \"http:\/\/test.fundaciolluiscoromina.org\/wp-content\/uploads\/2026\/02\/Lluisvila_Fundacio.jpg\" alt = \"\" \/><\/div>\n<div class=\"swiper-slide\"><img src = \"http:\/\/test.fundaciolluiscoromina.org\/wp-content\/uploads\/2026\/02\/Fundacio_LluisCoromina02.jpg\" alt = \"\" \/><\/div>\n<div class=\"swiper-slide\"><img src = \"http:\/\/test.fundaciolluiscoromina.org\/wp-content\/uploads\/2026\/02\/Fundacio_dinar2025.jpg\" alt = \"\" \/><\/div>\n\r\n        <\/div><div class = \"clear\"><\/div><\/div><div class=\"swiper-pagination swiper-pagination-slider2 dots\"><\/div><div class=\"swiper-scrollbar swiper-scrollbar-slider2 dots\"><\/div>\n<\/div><div class=\"content-1170 center-relative\">\n<div class = \"one_half \">\n<p class=\"p1\"><b>President<\/b><\/p>\n<p class=\"p1\">Llu\u00eds Coromina Isern<\/p>\n<p>&nbsp;<\/p>\n<p class=\"p1\"><b>Presid\u00e8ncia d\u2019honor<\/b><\/p>\n<p class=\"p1\">Montserrat Isern Delcl\u00f3s<\/p>\n<p>&nbsp;<\/p>\n<p>&nbsp;<\/p>\n<p class=\"p1\"><b>Patronat<\/b><\/p>\n<p class=\"p1\">Martiri\u00e0 Butiny\u00e0<\/p>\n<p class=\"p1\">Jordi Gimferrer<\/p>\n<p class=\"p1\">Alexandre Juanola<\/p>\n<p class=\"p1\">Montserrat Oller<\/p>\n<p class=\"p1\">Ricard Planas<\/p>\n<p class=\"p1\">Salvador Sarquella<\/p>\n<p class=\"p1\">Albert Serra<\/p>\n<p class=\"p1\">Joan Solana<\/p>\n<p class=\"p1\">Maria \u00c0ngels Torras<\/p>\n<h5 class=\"p1\"><\/h5>\n<p>&nbsp;<\/p>\n<p><span style=\"font-size: revert; color: initial; font-family: -apple-system, BlinkMacSystemFont, 'Segoe UI', Roboto, Oxygen-Sans, Ubuntu, Cantarell, 'Helvetica Neue', sans-serif;\"><\/div><\/span><\/p>\n<div class = \"one_half last \">\n<p class=\"p1\"><b>Direcci\u00f3<\/b><\/p>\n<p class=\"p1\">Ricard Planas \u2013 bonart cultural<\/p>\n<p>&nbsp;<\/p>\n<p class=\"p1\"><b>Coordinaci\u00f3 i log\u00edstica<\/b><\/p>\n<p class=\"p1\">Daniel Fuentes<\/p>\n<p>&nbsp;<\/p>\n<p class=\"p1\"><b>\u00c0rea social<\/b><\/p>\n<p class=\"p1\">Eva Collell \u2013 Ab Intra<\/p>\n<p>&nbsp;<\/p>\n<p class=\"p1\"><b>Secretariat<\/b><\/p>\n<p class=\"p1\">Cristina Grau<\/p>\n<p>&nbsp;<\/p>\n<p class=\"p1\"><b>Comunicaci\u00f3<\/b><\/p>\n<p class=\"p1\">Alda Rodr\u00edguez \u2013 Alter Sinergies<\/p>\n<p>&nbsp;<\/p>\n<p class=\"p1\"><b>Muntatge i conservaci\u00f3<\/b><\/p>\n<p class=\"p1\">Pere Comas \u2013 La rebotiga<\/p>\n<h5 class=\"p1\"><\/h5>\n<\/div><div class = \"clear\"><\/div>\n\n\n<a href=\"https:\/\/fundaciolluiscoromina.org\" target=\"_blank\" rel=\"noopener\">\n  <img decoding=\"async\" src=\"http:\/\/test.fundaciolluiscoromina.org\/wp-content\/uploads\/2026\/02\/logo-diputacio120px.jpg\" alt=\"Diputaci\u00f3 de Girona\">\n<\/a>\n<a href=\"https:\/\/fundaciolluiscoromina.org\" target=\"_blank\" rel=\"noopener\">\n  <img decoding=\"async\" src=\"http:\/\/test.fundaciolluiscoromina.org\/wp-content\/uploads\/2026\/02\/logo-Agrienergia120px.jpg\" alt=\"Agri Energia\">\n<\/a>\n<a href=\"https:\/\/fundaciolluiscoromina.org\" target=\"_blank\" rel=\"noopener\">\n  <img decoding=\"async\" src=\"http:\/\/test.fundaciolluiscoromina.org\/wp-content\/uploads\/2026\/02\/LogoFarineraCAT-scaled120px.jpg\" alt=\"Farinera\">\n<\/a>\n<a href=\"https:\/\/fundaciolluiscoromina.org\" target=\"_blank\" rel=\"noopener\">\n  <img decoding=\"async\" src=\"http:\/\/test.fundaciolluiscoromina.org\/wp-content\/uploads\/2026\/02\/teisa120px.jpg\" alt=\"Teisa\">\n<\/a>\n","protected":false},"excerpt":{"rendered":"","protected":false},"author":1,"featured_media":0,"parent":0,"menu_order":0,"comment_status":"closed","ping_status":"closed","template":"","meta":{"footnotes":""},"class_list":["post-32","page","type-page","status-publish","hentry"],"_links":{"self":[{"href":"http:\/\/fundaciolluiscoromina.org\/index.php\/wp-json\/wp\/v2\/pages\/32","targetHints":{"allow":["GET"]}}],"collection":[{"href":"http:\/\/fundaciolluiscoromina.org\/index.php\/wp-json\/wp\/v2\/pages"}],"about":[{"href":"http:\/\/fundaciolluiscoromina.org\/index.php\/wp-json\/wp\/v2\/types\/page"}],"author":[{"embeddable":true,"href":"http:\/\/fundaciolluiscoromina.org\/index.php\/wp-json\/wp\/v2\/users\/1"}],"replies":[{"embeddable":true,"href":"http:\/\/fundaciolluiscoromina.org\/index.php\/wp-json\/wp\/v2\/comments?post=32"}],"version-history":[{"count":41,"href":"http:\/\/fundaciolluiscoromina.org\/index.php\/wp-json\/wp\/v2\/pages\/32\/revisions"}],"predecessor-version":[{"id":9375,"href":"http:\/\/fundaciolluiscoromina.org\/index.php\/wp-json\/wp\/v2\/pages\/32\/revisions\/9375"}],"wp:attachment":[{"href":"http:\/\/fundaciolluiscoromina.org\/index.php\/wp-json\/wp\/v2\/media?parent=32"}],"curies":[{"name":"wp","href":"https:\/\/api.w.org\/{rel}","templated":true}]}}