{"id":6672,"date":"2025-07-02T22:45:36","date_gmt":"2025-07-02T20:45:36","guid":{"rendered":"https:\/\/test.fundaciolluiscoromina.org\/?page_id=6672"},"modified":"2026-05-14T12:06:34","modified_gmt":"2026-05-14T10:06:34","slug":"coworking-barna","status":"publish","type":"page","link":"http:\/\/fundaciolluiscoromina.org\/index.php\/coworking-barna\/","title":{"rendered":"Coworking Barna"},"content":{"rendered":"\n<p class=\"has-text-align-left wp-block-paragraph\">L\u2019Espai Isern Dalmau es defineix com un espai de coworking cultural i social i on tamb\u00e9 es duran a terme exposicions d\u2019art contemporani amb tem\u00e0tica social. Hi haur\u00e0 en perman\u00e8ncia Andergraun Films i Plant for the Planet, aix\u00ed com la resta d\u2019entitats a l\u2019entorn de la fundaci\u00f3 de manera espor\u00e0dica.<\/p>\n\n\n\n<div style=\"height:100px\" aria-hidden=\"true\" class=\"wp-block-spacer\"><\/div>\n\n\n<div class = \"one margin-0 animate\">\r\n    \n<img decoding=\"async\" src=\"http:\/\/test.fundaciolluiscoromina.org\/wp-content\/uploads\/2026\/02\/Coworking_Barna_01.jpg\" alt=\"\"><br \/>\n\r\n    <\/div><div class = \"clear\"><\/div>\n\n\n<div class = \"one_half margin-0 animate\">\n<img decoding=\"async\" src=\"http:\/\/test.fundaciolluiscoromina.org\/wp-content\/uploads\/2026\/02\/Coworking_Isern_Dalmau_05.jpg\" alt=\"\"><br \/>\n<\/div>\n\n\n<div class = \"one_half last margin-0 animate\">\n<img decoding=\"async\" src=\"http:\/\/test.fundaciolluiscoromina.org\/wp-content\/uploads\/2026\/02\/Coworking_Barna_03.jpg\" alt=\"\"><br \/>\n<\/div><div class = \"clear\"><\/div>\n\n\n<div class = \"one margin-0 animate\">\r\n    \n<img decoding=\"async\" src=\"http:\/\/test.fundaciolluiscoromina.org\/wp-content\/uploads\/2026\/02\/Coworking_Barna_02.jpg\" alt=\"\"><br \/>\n\r\n    <\/div><div class = \"clear\"><\/div>\n","protected":false},"excerpt":{"rendered":"<p>L\u2019Espai Isern Dalmau es defineix com un espai de coworking cultural i social i on tamb\u00e9 es duran a terme &#8230;<\/p>\n","protected":false},"author":1,"featured_media":0,"parent":0,"menu_order":0,"comment_status":"closed","ping_status":"closed","template":"","meta":{"footnotes":""},"class_list":["post-6672","page","type-page","status-publish","hentry"],"_links":{"self":[{"href":"http:\/\/fundaciolluiscoromina.org\/index.php\/wp-json\/wp\/v2\/pages\/6672","targetHints":{"allow":["GET"]}}],"collection":[{"href":"http:\/\/fundaciolluiscoromina.org\/index.php\/wp-json\/wp\/v2\/pages"}],"about":[{"href":"http:\/\/fundaciolluiscoromina.org\/index.php\/wp-json\/wp\/v2\/types\/page"}],"author":[{"embeddable":true,"href":"http:\/\/fundaciolluiscoromina.org\/index.php\/wp-json\/wp\/v2\/users\/1"}],"replies":[{"embeddable":true,"href":"http:\/\/fundaciolluiscoromina.org\/index.php\/wp-json\/wp\/v2\/comments?post=6672"}],"version-history":[{"count":8,"href":"http:\/\/fundaciolluiscoromina.org\/index.php\/wp-json\/wp\/v2\/pages\/6672\/revisions"}],"predecessor-version":[{"id":8912,"href":"http:\/\/fundaciolluiscoromina.org\/index.php\/wp-json\/wp\/v2\/pages\/6672\/revisions\/8912"}],"wp:attachment":[{"href":"http:\/\/fundaciolluiscoromina.org\/index.php\/wp-json\/wp\/v2\/media?parent=6672"}],"curies":[{"name":"wp","href":"https:\/\/api.w.org\/{rel}","templated":true}]}}