{"id":9166,"date":"2026-06-17T18:22:06","date_gmt":"2026-06-17T16:22:06","guid":{"rendered":"http:\/\/test.fundaciolluiscoromina.org\/?page_id=9166"},"modified":"2026-08-26T17:41:32","modified_gmt":"2026-08-26T15:41:32","slug":"actualitat","status":"publish","type":"page","link":"http:\/\/fundaciolluiscoromina.org\/index.php\/actualitat\/","title":{"rendered":"Activitats"},"content":{"rendered":"\n<div style=\"height:100px\" aria-hidden=\"true\" class=\"wp-block-spacer\"><\/div>\n\n\n<style><\/style><div class=\"wplp_outside wplp_widget_9194\" style=\"max-width:100%;\"><div id=\"wplp_widget_9194\" class=\"wplp_widget_default wplp_container vertical swiper wplp-swiper default cols1\" data-theme=\"default\" data-post=\"9194\" style=\"\" data-max-elts=\"5\" data-per-page=\"10\"><div class=\"wplp_listposts swiper-wrapper\" id=\"default_9194\" style=\"width: 100%;\" ><div class=\"swiper-slide\" style=\"\"><div class=\"insideframe\"><div id=\"wplp_box_top_9194_9632\" class=\"wpcu-front-box top equalHeightImg\" ><div class=\"wplp-box-item\"><a href=\"http:\/\/fundaciolluiscoromina.org\/index.php\/2026\/08\/31\/lespai-isern-dalmau-de-barcelona-inaugura-lexposicio-el-cos-dels-cossos-de-lartista-colombia-leonel-castaneda-galeano\/\"  class=\"thumbnail\"><span class=\"img_cropper\" style=\"margin-right:4px;margin-bottom:4px;max-width:100%;\"><img decoding=\"async\" src=\"http:\/\/fundaciolluiscoromina.org\/wp-content\/uploads\/2026\/08\/LCastaneda-scaled.jpg\" style=\"aspect-ratio:4\/3;\" srcset=\"http:\/\/fundaciolluiscoromina.org\/wp-content\/uploads\/2026\/08\/LCastaneda-scaled.jpg 2560w, http:\/\/fundaciolluiscoromina.org\/wp-content\/uploads\/2026\/08\/LCastaneda-300x200.jpg 300w, http:\/\/fundaciolluiscoromina.org\/wp-content\/uploads\/2026\/08\/LCastaneda-1024x684.jpg 1024w, http:\/\/fundaciolluiscoromina.org\/wp-content\/uploads\/2026\/08\/LCastaneda-768x513.jpg 768w, http:\/\/fundaciolluiscoromina.org\/wp-content\/uploads\/2026\/08\/LCastaneda-1536x1026.jpg 1536w, http:\/\/fundaciolluiscoromina.org\/wp-content\/uploads\/2026\/08\/LCastaneda-2048x1368.jpg 2048w\" alt=\"L&#8217;Espai Isern Dalmau de Barcelona inaugura l&#8217;exposici\u00f3 &#8216;El cos dels cossos&#8217; de l&#8217;artista colombi\u00e0 Leonel Casta\u00f1eda Galeano\" class=\"wplp_thumb\" \/><\/span><\/a><a href=\"http:\/\/fundaciolluiscoromina.org\/index.php\/2026\/08\/31\/lespai-isern-dalmau-de-barcelona-inaugura-lexposicio-el-cos-dels-cossos-de-lartista-colombia-leonel-castaneda-galeano\/\"  class=\"title\">L&#8217;Espai Isern Dalmau de Barcelona inaugura l&#8217;exposici\u00f3 &#8216;El cos dels cossos&#8217; de l&#8217;artista colombi\u00e0 Leonel Casta\u00f1eda Galeano<\/a><\/div><\/div><div id=\"wplp_box_left_9194_9632\" class=\"wpcu-front-box left wpcu-custom-position\" ><div class=\"wplp-box-item\"><\/div><\/div><div id=\"wplp_box_right_9194_9632\" class=\"wpcu-front-box right wpcu-custom-position\" ><div class=\"wplp-box-item\"><\/div><\/div><div id=\"wplp_box_bottom_9194_9632\" class=\"wpcu-front-box bottom \" ><div class=\"wplp-box-item\"><span class=\"date\">31 d'agost de 2026<\/span><a href=\"http:\/\/fundaciolluiscoromina.org\/index.php\/2026\/08\/31\/lespai-isern-dalmau-de-barcelona-inaugura-lexposicio-el-cos-dels-cossos-de-lartista-colombia-leonel-castaneda-galeano\/\"  class=\"text\"><span style=\"max-height:2.8em\" class=\"line_limit\">El pr\u00f2xim dijous 3 de setembre, a les 19 h, l&#8217;Espai Isern Dalmau de Barcelona\u00a0acollir\u00e0 la inauguraci\u00f3 de l&#8217;exposici\u00f3 El cos dels cossos de l&#8217;artista colombi\u00e0 Leonel Casta\u00f1eda Galeano\u00a0a l&#8217;Espai Isern Dalmau de Barcelona, comissariada per Fernando Cuevas Ulitzsch.\u00a0Una mostra que presenta el cos com un espai obert a m\u00faltiples experi\u00e8ncies: la mem\u00f2ria, el desig, la malaltia, la cura i la transformaci\u00f3.\n\nMitjan\u00e7ant fragments de corporalitats, dispositius m\u00e8dics i objectes marcats disposats en vitrines, l&#8217;artista construeix pres\u00e8ncies que desafien la manera com comprenem la difer\u00e8ncia.\u00a0Els cossos que emergeixen en aquestes obres no busquen representar-nos ni oferir una imatge idealitzada d&#8217;all\u00f2 hum\u00e0; ben al contrari, ens interpel\u00b7len. Ens recorden que estem constitu\u00efts per experi\u00e8ncies de fragilitat i depend\u00e8ncia, i que \u00e9s precisament en aquesta diversitat on rau la possibilitat de la trobada amb l&#8217;altre.\n\nArtista i muse\u00f2graf, Leonel Casta\u00f1eda Galeano (Bogot\u00e0, Col\u00f2mbia, 1971) ha desenvolupat el seu treball en la intersecci\u00f3 entre l&#8217;art, la filosofia i l&#8217;experi\u00e8ncia del cos. Des de fa m\u00e9s de trenta anys, ha constru\u00eft una vasta col\u00b7lecci\u00f3 d&#8217;all\u00f2 que la ciutat rebutja. Recorre els seus carrers a la recerca de vestigis que han perdut la seva funci\u00f3 i que, en ser apartats dels circuits de l&#8217;\u00fas, semblen haver exhaurit el seu sentit.<\/span><span style=\"margin-left:3px; max-height:2.8em\" class=\"line_limit\"> [...]<\/span><\/a><span class=\"custom_fields\">\n<!-- WPLP Unknown field: Custom_Fields -->\n<\/span><a href=\"http:\/\/fundaciolluiscoromina.org\/index.php\/2026\/08\/31\/lespai-isern-dalmau-de-barcelona-inaugura-lexposicio-el-cos-dels-cossos-de-lartista-colombia-leonel-castaneda-galeano\/\"  class=\"read-more\">Read more...<\/a><\/div><\/div><\/div><\/div><div class=\"swiper-slide\" style=\"\"><div class=\"insideframe\"><div id=\"wplp_box_top_9194_9571\" class=\"wpcu-front-box top equalHeightImg\" ><div class=\"wplp-box-item\"><a href=\"http:\/\/fundaciolluiscoromina.org\/index.php\/2026\/08\/20\/zhiqiao-zhang-premi-fundacio-lluis-coromina-isern-del-concurs-internacional-de-musica-maria-canals-2026\/\"  class=\"thumbnail\"><span class=\"img_cropper\" style=\"margin-right:4px;margin-bottom:4px;max-width:100%;\"><img decoding=\"async\" src=\"http:\/\/fundaciolluiscoromina.org\/wp-content\/uploads\/2026\/08\/Concurs_Maria_Canals_69f0b778a6d6d.jpg\" style=\"aspect-ratio:4\/3;\" srcset=\"http:\/\/fundaciolluiscoromina.org\/wp-content\/uploads\/2026\/08\/Concurs_Maria_Canals_69f0b778a6d6d.jpg 1066w, http:\/\/fundaciolluiscoromina.org\/wp-content\/uploads\/2026\/08\/Concurs_Maria_Canals_69f0b778a6d6d-200x300.jpg 200w, http:\/\/fundaciolluiscoromina.org\/wp-content\/uploads\/2026\/08\/Concurs_Maria_Canals_69f0b778a6d6d-682x1024.jpg 682w, http:\/\/fundaciolluiscoromina.org\/wp-content\/uploads\/2026\/08\/Concurs_Maria_Canals_69f0b778a6d6d-768x1153.jpg 768w, http:\/\/fundaciolluiscoromina.org\/wp-content\/uploads\/2026\/08\/Concurs_Maria_Canals_69f0b778a6d6d-1023x1536.jpg 1023w\" alt=\"Zhiqiao Zhang, Premi Fundaci\u00f3 Llu\u00eds Coromina Isern del Concurs Internacional de M\u00fasica Maria Canals 2026\" class=\"wplp_thumb\" \/><\/span><\/a><a href=\"http:\/\/fundaciolluiscoromina.org\/index.php\/2026\/08\/20\/zhiqiao-zhang-premi-fundacio-lluis-coromina-isern-del-concurs-internacional-de-musica-maria-canals-2026\/\"  class=\"title\">Zhiqiao Zhang, Premi Fundaci\u00f3 Llu\u00eds Coromina Isern del Concurs Internacional de M\u00fasica Maria Canals 2026<\/a><\/div><\/div><div id=\"wplp_box_left_9194_9571\" class=\"wpcu-front-box left wpcu-custom-position\" ><div class=\"wplp-box-item\"><\/div><\/div><div id=\"wplp_box_right_9194_9571\" class=\"wpcu-front-box right wpcu-custom-position\" ><div class=\"wplp-box-item\"><\/div><\/div><div id=\"wplp_box_bottom_9194_9571\" class=\"wpcu-front-box bottom \" ><div class=\"wplp-box-item\"><span class=\"date\">20 d'agost de 2026<\/span><a href=\"http:\/\/fundaciolluiscoromina.org\/index.php\/2026\/08\/20\/zhiqiao-zhang-premi-fundacio-lluis-coromina-isern-del-concurs-internacional-de-musica-maria-canals-2026\/\"  class=\"text\"><span style=\"max-height:2.8em\" class=\"line_limit\">Un any m\u00e9s, la Fundaci\u00f3 Llu\u00eds Coromina Isern ha col\u00b7laborat amb el Concurs Internacional de M\u00fasica Maria Canals a trav\u00e9s de l\u2019apartat Premis Concert. La 71\u00aa edici\u00f3 d\u2019aquest certamen ha tornat a comptar amb el Premi Fundaci\u00f3 Llu\u00eds Coromina Isern, que dona l\u2019oportunitat a un dels finalistes d\u2019oferir un concert dins el marc de la programaci\u00f3 d\u2019estiu de l\u2019Auditori de Girona. Enguany aquest guard\u00f3 se l\u2019ha endut el pianista xin\u00e8s Zhiqiao Zhang,\u00a0que actuar\u00e0 al cicle Notes al parc de l\u2019Auditori de Girona i La Marf\u00e0-Centre de Creaci\u00f3 el dissabte 22 d\u2019agost, a les 20 h, al passeig de la Sardana.\nEl pianista xin\u00e8s Zhiqiao Zhang, finalista del Concurs Internacional de Piano Maria Canals 2026, \u00e9s un dels int\u00e8rprets m\u00e9s prometedors de la seva generaci\u00f3. El jurat en va destacar la profunditat interpretativa, la maduresa musical i una t\u00e8cnica refinada. Amb una traject\u00f2ria internacional constru\u00efda en grans escenaris i reconeguda en nombrosos concursos de prestigi, presentar\u00e0 un programa exigent amb obres de Schumann, Granados i Prok\u00f3fiev, que posa en relleu la seva gran sensibilitat i virtuosisme.<\/span><span style=\"margin-left:3px; max-height:2.8em\" class=\"line_limit\"> [...]<\/span><\/a><span class=\"custom_fields\">\n<!-- WPLP Unknown field: Custom_Fields -->\n<\/span><a href=\"http:\/\/fundaciolluiscoromina.org\/index.php\/2026\/08\/20\/zhiqiao-zhang-premi-fundacio-lluis-coromina-isern-del-concurs-internacional-de-musica-maria-canals-2026\/\"  class=\"read-more\">Read more...<\/a><\/div><\/div><\/div><\/div><div class=\"swiper-slide\" style=\"\"><div class=\"insideframe\"><div id=\"wplp_box_top_9194_9570\" class=\"wpcu-front-box top equalHeightImg\" ><div class=\"wplp-box-item\"><a href=\"http:\/\/fundaciolluiscoromina.org\/index.php\/2026\/08\/18\/lespai-eat-art-acull-lexposicio-brossa-portatil-la-maleta-museu-dedicada-a-lunivers-visual-de-joan-brossa\/\"  class=\"thumbnail\"><span class=\"img_cropper\" style=\"margin-right:4px;margin-bottom:4px;max-width:100%;\"><img decoding=\"async\" src=\"http:\/\/fundaciolluiscoromina.org\/wp-content\/uploads\/2026\/08\/Captura-de-pantalla-2026-08-08-a-las-18.59.50.png\" style=\"aspect-ratio:4\/3;\" srcset=\"http:\/\/fundaciolluiscoromina.org\/wp-content\/uploads\/2026\/08\/Captura-de-pantalla-2026-08-08-a-las-18.59.50.png 1312w, http:\/\/fundaciolluiscoromina.org\/wp-content\/uploads\/2026\/08\/Captura-de-pantalla-2026-08-08-a-las-18.59.50-300x221.png 300w, http:\/\/fundaciolluiscoromina.org\/wp-content\/uploads\/2026\/08\/Captura-de-pantalla-2026-08-08-a-las-18.59.50-1024x756.png 1024w, http:\/\/fundaciolluiscoromina.org\/wp-content\/uploads\/2026\/08\/Captura-de-pantalla-2026-08-08-a-las-18.59.50-768x567.png 768w\" alt=\"L&#8217;Espai Eat Art acull l&#8217;exposici\u00f3 &#8216;Brossa port\u00e0til. La maleta museu&#8217;, dedicada a l&#8217;univers visual de Joan Brossa\" class=\"wplp_thumb\" \/><\/span><\/a><a href=\"http:\/\/fundaciolluiscoromina.org\/index.php\/2026\/08\/18\/lespai-eat-art-acull-lexposicio-brossa-portatil-la-maleta-museu-dedicada-a-lunivers-visual-de-joan-brossa\/\"  class=\"title\">L&#8217;Espai Eat Art acull l&#8217;exposici\u00f3 &#8216;Brossa port\u00e0til. La maleta museu&#8217;, dedicada a l&#8217;univers visual de Joan Brossa<\/a><\/div><\/div><div id=\"wplp_box_left_9194_9570\" class=\"wpcu-front-box left wpcu-custom-position\" ><div class=\"wplp-box-item\"><\/div><\/div><div id=\"wplp_box_right_9194_9570\" class=\"wpcu-front-box right wpcu-custom-position\" ><div class=\"wplp-box-item\"><\/div><\/div><div id=\"wplp_box_bottom_9194_9570\" class=\"wpcu-front-box bottom \" ><div class=\"wplp-box-item\"><span class=\"date\">18 d'agost de 2026<\/span><a href=\"http:\/\/fundaciolluiscoromina.org\/index.php\/2026\/08\/18\/lespai-eat-art-acull-lexposicio-brossa-portatil-la-maleta-museu-dedicada-a-lunivers-visual-de-joan-brossa\/\"  class=\"text\"><span style=\"max-height:2.8em\" class=\"line_limit\">A partir del divendres 21 d&#8217;agost, l&#8217;Espai Eat Art de Banyoles\u00a0acollir\u00e0 l&#8217;exposici\u00f3\u00a0Brossa port\u00e0til. La maleta museu, comissariada pel cr\u00edtic d\u2019art i editor de BONART, Ricard Planas. Una mostra que es podr\u00e0 visitar fins al dissabte 10 d&#8217;octubre que t\u00e9 l&#8217;objectiu d&#8217;acostar al p\u00fablic l&#8217;univers visual d&#8217;un dels grans referents de la poesia visual catalana, Joan Brossa.\nLa proposta parteix del portafolis Tot Brossa, editat el 1997, i converteix una maleta de viatge en un petit museu port\u00e0til que reuneix vint-i-cinc peces de poesia visual. A trav\u00e9s de l\u2019objecte, la paraula, la imatge i el signe, Brossa explora el joc, l\u2019humor i la ironia per transformar all\u00f2 quotidi\u00e0 i convidar-nos a mirar la realitat des d\u2019una nova perspectiva. L\u2019exposici\u00f3 concep la maleta com un univers comprimit que, en obrir-se, s\u2019expandeix i ens convida a descobrir una obra que continua sorprenent i interpel\u00b7lant la nostra mirada.<\/span><span style=\"margin-left:3px; max-height:2.8em\" class=\"line_limit\"> [...]<\/span><\/a><span class=\"custom_fields\">\n<!-- WPLP Unknown field: Custom_Fields -->\n<\/span><a href=\"http:\/\/fundaciolluiscoromina.org\/index.php\/2026\/08\/18\/lespai-eat-art-acull-lexposicio-brossa-portatil-la-maleta-museu-dedicada-a-lunivers-visual-de-joan-brossa\/\"  class=\"read-more\">Read more...<\/a><\/div><\/div><\/div><\/div><div class=\"swiper-slide\" style=\"\"><div class=\"insideframe\"><div id=\"wplp_box_top_9194_9569\" class=\"wpcu-front-box top equalHeightImg\" ><div class=\"wplp-box-item\"><a href=\"http:\/\/fundaciolluiscoromina.org\/index.php\/2026\/07\/31\/la-fundacio-lluis-coromina-isern-tancada-durant-el-mes-dagost\/\"  class=\"thumbnail\"><span class=\"img_cropper\" style=\"margin-right:4px;margin-bottom:4px;max-width:100%;\"><img decoding=\"async\" src=\"http:\/\/fundaciolluiscoromina.org\/wp-content\/uploads\/2026\/07\/Dibuix-Directe-2026-009-scaled.jpg\" style=\"aspect-ratio:4\/3;\" srcset=\"http:\/\/fundaciolluiscoromina.org\/wp-content\/uploads\/2026\/07\/Dibuix-Directe-2026-009-scaled.jpg 2560w, http:\/\/fundaciolluiscoromina.org\/wp-content\/uploads\/2026\/07\/Dibuix-Directe-2026-009-300x200.jpg 300w, http:\/\/fundaciolluiscoromina.org\/wp-content\/uploads\/2026\/07\/Dibuix-Directe-2026-009-1024x683.jpg 1024w, http:\/\/fundaciolluiscoromina.org\/wp-content\/uploads\/2026\/07\/Dibuix-Directe-2026-009-768x512.jpg 768w, http:\/\/fundaciolluiscoromina.org\/wp-content\/uploads\/2026\/07\/Dibuix-Directe-2026-009-1536x1024.jpg 1536w, http:\/\/fundaciolluiscoromina.org\/wp-content\/uploads\/2026\/07\/Dibuix-Directe-2026-009-2048x1365.jpg 2048w\" alt=\"La Fundaci\u00f3 Llu\u00eds Coromina Isern, tancada durant el mes d&#8217;agost\" class=\"wplp_thumb\" \/><\/span><\/a><a href=\"http:\/\/fundaciolluiscoromina.org\/index.php\/2026\/07\/31\/la-fundacio-lluis-coromina-isern-tancada-durant-el-mes-dagost\/\"  class=\"title\">La Fundaci\u00f3 Llu\u00eds Coromina Isern, tancada durant el mes d&#8217;agost<\/a><\/div><\/div><div id=\"wplp_box_left_9194_9569\" class=\"wpcu-front-box left wpcu-custom-position\" ><div class=\"wplp-box-item\"><\/div><\/div><div id=\"wplp_box_right_9194_9569\" class=\"wpcu-front-box right wpcu-custom-position\" ><div class=\"wplp-box-item\"><\/div><\/div><div id=\"wplp_box_bottom_9194_9569\" class=\"wpcu-front-box bottom \" ><div class=\"wplp-box-item\"><span class=\"date\">31 de juliol de 2026<\/span><a href=\"http:\/\/fundaciolluiscoromina.org\/index.php\/2026\/07\/31\/la-fundacio-lluis-coromina-isern-tancada-durant-el-mes-dagost\/\"  class=\"text\"><span style=\"max-height:2.8em\" class=\"line_limit\">Durant el mes d\u2019agost, la majoria dels espais de la Fundaci\u00f3 Llu\u00eds Coromina Isern romandran tancats, amb algunes excepcions. En aquest sentit, l\u2019Espai Eat Art de Banyoles continuar\u00e0 obert durant aquest per\u00edode, en el seu horari habitual, excepte els dies 12 i 13 d&#8217;agost. Els visitants que s\u2019apropin a aquest espai de la pla\u00e7a Major podran visitar, fins al 15 d\u2019agost, l\u2019exposici\u00f3 Dibuix en directe, una mostra emmarcada en el festival (a)ph\u00f2nica que presenta les obres d\u2019una desena d\u2019il\u00b7lustradors i il\u00b7lustradores.\nPel que fa a l\u2019Espai Isern Dalmau de Barcelona, romandr\u00e0 tancat de l\u20191 al 31 d\u2019agost i reobrir\u00e0 al setembre.<\/span><span style=\"margin-left:3px; max-height:2.8em\" class=\"line_limit\"> [...]<\/span><\/a><span class=\"custom_fields\">\n<!-- WPLP Unknown field: Custom_Fields -->\n<\/span><a href=\"http:\/\/fundaciolluiscoromina.org\/index.php\/2026\/07\/31\/la-fundacio-lluis-coromina-isern-tancada-durant-el-mes-dagost\/\"  class=\"read-more\">Read more...<\/a><\/div><\/div><\/div><\/div><div class=\"swiper-slide\" style=\"\"><div class=\"insideframe\"><div id=\"wplp_box_top_9194_9209\" class=\"wpcu-front-box top equalHeightImg\" ><div class=\"wplp-box-item\"><a href=\"http:\/\/fundaciolluiscoromina.org\/index.php\/2026\/06\/04\/lespai-eat-art-de-banyoles-acull-dues-propostes-de-la-22a-edicio-de-laphonica\/\"  class=\"thumbnail\"><span class=\"img_cropper\" style=\"margin-right:4px;margin-bottom:4px;max-width:100%;\"><img decoding=\"async\" src=\"http:\/\/fundaciolluiscoromina.org\/wp-content\/uploads\/2026\/06\/CarmenAciar-Ok.jpg\" style=\"aspect-ratio:4\/3;\" srcset=\"http:\/\/fundaciolluiscoromina.org\/wp-content\/uploads\/2026\/06\/CarmenAciar-Ok.jpg 2362w, http:\/\/fundaciolluiscoromina.org\/wp-content\/uploads\/2026\/06\/CarmenAciar-Ok-300x184.jpg 300w, http:\/\/fundaciolluiscoromina.org\/wp-content\/uploads\/2026\/06\/CarmenAciar-Ok-1024x629.jpg 1024w, http:\/\/fundaciolluiscoromina.org\/wp-content\/uploads\/2026\/06\/CarmenAciar-Ok-768x472.jpg 768w, http:\/\/fundaciolluiscoromina.org\/wp-content\/uploads\/2026\/06\/CarmenAciar-Ok-1536x944.jpg 1536w, http:\/\/fundaciolluiscoromina.org\/wp-content\/uploads\/2026\/06\/CarmenAciar-Ok-2048x1259.jpg 2048w\" alt=\"L\u2019Espai Eat Art de Banyoles acull dues propostes de la 22a edici\u00f3 de l'(a)ph\u00f2nica\" class=\"wplp_thumb\" \/><\/span><\/a><a href=\"http:\/\/fundaciolluiscoromina.org\/index.php\/2026\/06\/04\/lespai-eat-art-de-banyoles-acull-dues-propostes-de-la-22a-edicio-de-laphonica\/\"  class=\"title\">L\u2019Espai Eat Art de Banyoles acull dues propostes de la 22a edici\u00f3 de l'(a)ph\u00f2nica<\/a><\/div><\/div><div id=\"wplp_box_left_9194_9209\" class=\"wpcu-front-box left wpcu-custom-position\" ><div class=\"wplp-box-item\"><\/div><\/div><div id=\"wplp_box_right_9194_9209\" class=\"wpcu-front-box right wpcu-custom-position\" ><div class=\"wplp-box-item\"><\/div><\/div><div id=\"wplp_box_bottom_9194_9209\" class=\"wpcu-front-box bottom \" ><div class=\"wplp-box-item\"><span class=\"date\">4 de juny de 2026<\/span><a href=\"http:\/\/fundaciolluiscoromina.org\/index.php\/2026\/06\/04\/lespai-eat-art-de-banyoles-acull-dues-propostes-de-la-22a-edicio-de-laphonica\/\"  class=\"text\"><span style=\"max-height:2.8em\" class=\"line_limit\">Un any m\u00e9s, la Fundaci\u00f3 Llu\u00eds Coromina Isern col\u00b7labora amb l\u2019(a)ph\u00f2nica, el Festival de la Veu de Banyoles, i acollir\u00e0 dues de les activitats de la 22a edici\u00f3 a l\u2019Espai Eat Art de Banyoles. Per una banda, el concert de la cantant Carmen Aciar, que presentar\u00e0 el seu segon treball\u00a0De amores y miedos, acompanyada del guitarrista Pau Mascort, el diumenge 28 de juny a les 13 h. Una proposta delicada i personal que tra\u00e7a un pont entre el folklore argent\u00ed, el pop i les sonoritats mediterr\u00e0nies. Per altra banda, des del 19 de juny i fins al dissabte 8 d\u2019agost, l\u2019exposici\u00f3 Dibuix en directe, una mostra formada per les obres d\u2019una desena d\u2019il\u00b7lustradors que, mitjan\u00e7ant una gran diversitat d\u2019estils, tra\u00e7os colors i suports, recorreran el festival per plasmar els moments ef\u00edmers viscuts durant el festival.\n&nbsp;\nHoraris de l&#8217;Espai Eat Art durat el Festival\nDe dimecres a divendres: de 16 h a 20 h\nDissabtes i diumenge 28 de juny de 10 h a 14 h i de 16 h a 20 h<\/span><span style=\"margin-left:3px; max-height:2.8em\" class=\"line_limit\"> [...]<\/span><\/a><span class=\"custom_fields\">\n<!-- WPLP Unknown field: Custom_Fields -->\n<\/span><a href=\"http:\/\/fundaciolluiscoromina.org\/index.php\/2026\/06\/04\/lespai-eat-art-de-banyoles-acull-dues-propostes-de-la-22a-edicio-de-laphonica\/\"  class=\"read-more\">Read more...<\/a><\/div><\/div><\/div><\/div><\/div><div class=\"swiper-button-next\"><\/div><div class=\"swiper-button-prev\"><\/div><div class=\"swiper-pagination\"><\/div><\/div><\/div>\n","protected":false},"excerpt":{"rendered":"","protected":false},"author":1,"featured_media":0,"parent":0,"menu_order":0,"comment_status":"closed","ping_status":"closed","template":"","meta":{"footnotes":""},"class_list":["post-9166","page","type-page","status-publish","hentry"],"_links":{"self":[{"href":"http:\/\/fundaciolluiscoromina.org\/index.php\/wp-json\/wp\/v2\/pages\/9166","targetHints":{"allow":["GET"]}}],"collection":[{"href":"http:\/\/fundaciolluiscoromina.org\/index.php\/wp-json\/wp\/v2\/pages"}],"about":[{"href":"http:\/\/fundaciolluiscoromina.org\/index.php\/wp-json\/wp\/v2\/types\/page"}],"author":[{"embeddable":true,"href":"http:\/\/fundaciolluiscoromina.org\/index.php\/wp-json\/wp\/v2\/users\/1"}],"replies":[{"embeddable":true,"href":"http:\/\/fundaciolluiscoromina.org\/index.php\/wp-json\/wp\/v2\/comments?post=9166"}],"version-history":[{"count":3,"href":"http:\/\/fundaciolluiscoromina.org\/index.php\/wp-json\/wp\/v2\/pages\/9166\/revisions"}],"predecessor-version":[{"id":9581,"href":"http:\/\/fundaciolluiscoromina.org\/index.php\/wp-json\/wp\/v2\/pages\/9166\/revisions\/9581"}],"wp:attachment":[{"href":"http:\/\/fundaciolluiscoromina.org\/index.php\/wp-json\/wp\/v2\/media?parent=9166"}],"curies":[{"name":"wp","href":"https:\/\/api.w.org\/{rel}","templated":true}]}}